{"id":2624,"date":"2024-08-28T10:32:19","date_gmt":"2024-08-28T10:32:19","guid":{"rendered":"https:\/\/www.tovarnanaweby.cz\/gymnazium\/?page_id=2624"},"modified":"2024-08-31T08:13:38","modified_gmt":"2024-08-31T08:13:38","slug":"aktivni-kladno","status":"publish","type":"page","link":"https:\/\/www.tovarnanaweby.cz\/gymnazium\/aktivni-kladno\/","title":{"rendered":"Aktivn\u00ed Kladno"},"content":{"rendered":"\t\t<div data-elementor-type=\"wp-page\" data-elementor-id=\"2624\" class=\"elementor elementor-2624\" data-elementor-post-type=\"page\">\n\t\t\t\t<div class=\"elementor-element elementor-element-7851e1b e-flex e-con-boxed e-con e-parent\" data-id=\"7851e1b\" data-element_type=\"container\" data-settings=\"{&quot;background_background&quot;:&quot;classic&quot;}\">\n\t\t\t\t\t<div class=\"e-con-inner\">\n\t\t<div class=\"elementor-element elementor-element-bdff04d e-con-full e-flex e-con e-child\" data-id=\"bdff04d\" data-element_type=\"container\">\n\t\t\t\t<div class=\"elementor-element elementor-element-edd7537 elementor-widget elementor-widget-heading\" data-id=\"edd7537\" data-element_type=\"widget\" data-widget_type=\"heading.default\">\n\t\t\t\t<div class=\"elementor-widget-container\">\n\t\t\t<h1 class=\"elementor-heading-title elementor-size-default\">Aktuality\u200b<\/h1>\t\t<\/div>\n\t\t\t\t<\/div>\n\t\t\t\t<div class=\"elementor-element elementor-element-e2f9082 elementor-widget elementor-widget-heading\" data-id=\"e2f9082\" data-element_type=\"widget\" data-widget_type=\"heading.default\">\n\t\t\t\t<div class=\"elementor-widget-container\">\n\t\t\t<h1 class=\"elementor-heading-title elementor-size-default\">Aktivn\u00ed Kladno<\/h1>\t\t<\/div>\n\t\t\t\t<\/div>\n\t\t\t\t<div class=\"elementor-element elementor-element-309cfbc elementor-widget elementor-widget-heading\" data-id=\"309cfbc\" data-element_type=\"widget\" data-widget_type=\"heading.default\">\n\t\t\t\t<div class=\"elementor-widget-container\">\n\t\t\t<span class=\"elementor-heading-title elementor-size-default\">Aktivn\u00ed Kladno je dlouhodob\u00fd projekt student\u016f Gymn\u00e1zia Kladno, zam\u011b\u0159en\u00fd na aktivn\u00ed ob\u010danstv\u00ed<\/span>\t\t<\/div>\n\t\t\t\t<\/div>\n\t\t\t\t<\/div>\n\t\t<div class=\"elementor-element elementor-element-5930026 e-con-full elementor-hidden-tablet elementor-hidden-mobile e-flex e-con e-child\" data-id=\"5930026\" data-element_type=\"container\">\n\t\t\t\t<div class=\"elementor-element elementor-element-044fbca elementor-widget elementor-widget-image\" data-id=\"044fbca\" data-element_type=\"widget\" data-widget_type=\"image.default\">\n\t\t\t\t<div class=\"elementor-widget-container\">\n\t\t\t\t\t\t\t\t\t\t\t\t\t<img fetchpriority=\"high\" decoding=\"async\" width=\"800\" height=\"533\" src=\"https:\/\/www.tovarnanaweby.cz\/gymnazium\/wp-content\/uploads\/2024\/08\/GK_img_aktivni_kladno-1024x682.jpeg\" class=\"attachment-large size-large wp-image-2937\" alt=\"\" srcset=\"https:\/\/www.tovarnanaweby.cz\/gymnazium\/wp-content\/uploads\/2024\/08\/GK_img_aktivni_kladno-1024x682.jpeg 1024w, https:\/\/www.tovarnanaweby.cz\/gymnazium\/wp-content\/uploads\/2024\/08\/GK_img_aktivni_kladno-300x200.jpeg 300w, https:\/\/www.tovarnanaweby.cz\/gymnazium\/wp-content\/uploads\/2024\/08\/GK_img_aktivni_kladno-768x512.jpeg 768w, https:\/\/www.tovarnanaweby.cz\/gymnazium\/wp-content\/uploads\/2024\/08\/GK_img_aktivni_kladno-1536x1024.jpeg 1536w, https:\/\/www.tovarnanaweby.cz\/gymnazium\/wp-content\/uploads\/2024\/08\/GK_img_aktivni_kladno.jpeg 1583w\" sizes=\"(max-width: 800px) 100vw, 800px\" \/>\t\t\t\t\t\t\t\t\t\t\t\t\t<\/div>\n\t\t\t\t<\/div>\n\t\t\t\t<\/div>\n\t\t\t\t\t<\/div>\n\t\t\t\t<\/div>\n\t\t<div class=\"elementor-element elementor-element-150142e e-flex e-con-boxed e-con e-parent\" data-id=\"150142e\" data-element_type=\"container\">\n\t\t\t\t\t<div class=\"e-con-inner\">\n\t\t<div class=\"elementor-element elementor-element-f6c485e e-con-full e-flex e-con e-child\" data-id=\"f6c485e\" data-element_type=\"container\">\n\t\t\t\t<div class=\"elementor-element elementor-element-f02583f elementor-widget elementor-widget-image\" data-id=\"f02583f\" data-element_type=\"widget\" data-widget_type=\"image.default\">\n\t\t\t\t<div class=\"elementor-widget-container\">\n\t\t\t\t\t\t\t\t\t\t\t\t\t<img decoding=\"async\" width=\"150\" height=\"150\" src=\"https:\/\/www.tovarnanaweby.cz\/gymnazium\/wp-content\/uploads\/2024\/08\/AK_logo-150x150.jpeg\" class=\"attachment-thumbnail size-thumbnail wp-image-2930\" alt=\"\" srcset=\"https:\/\/www.tovarnanaweby.cz\/gymnazium\/wp-content\/uploads\/2024\/08\/AK_logo-150x150.jpeg 150w, https:\/\/www.tovarnanaweby.cz\/gymnazium\/wp-content\/uploads\/2024\/08\/AK_logo-300x300.jpeg 300w, https:\/\/www.tovarnanaweby.cz\/gymnazium\/wp-content\/uploads\/2024\/08\/AK_logo.jpeg 640w\" sizes=\"(max-width: 150px) 100vw, 150px\" \/>\t\t\t\t\t\t\t\t\t\t\t\t\t<\/div>\n\t\t\t\t<\/div>\n\t\t\t\t<div class=\"elementor-element elementor-element-26c814f elementor-widget elementor-widget-text-editor\" data-id=\"26c814f\" data-element_type=\"widget\" data-widget_type=\"text-editor.default\">\n\t\t\t\t<div class=\"elementor-widget-container\">\n\t\t\t\t\t\t\t<p><span style=\"color: #000000;\">Projekt Aktivn\u00ed Kladno vznikl v roce 2013 jako sou\u010d\u00e1st velk\u00e9ho republikov\u00e9ho t\u0159\u00edlet\u00e9ho projektu Aktivn\u00ed ob\u010dan\u00e9, kter\u00fd realizoval od roku 2012 British Council a \u010clov\u011bk v t\u00edsni. My\u0161lenka pom\u00e1hat n\u00e1s neopustila ani po jeho skon\u010den\u00ed a jako jedna z m\u00e1la tehdy zapojen\u00fdch \u0161kol v n\u011bm pokra\u010dujeme i nad\u00e1le. Za svoji desetiletou historii se n\u00e1m poda\u0159ilo na na\u0161ich akc\u00edch vybrat pro na\u0161e partnery v\u00edce ne\u017e 250.000 K\u010d!<\/span><\/p><p><span style=\"color: #000000;\">\u00a0<\/span><br \/><span style=\"color: #000000;\">Na\u0161e akce, kter\u00e9 se staly ji\u017e tradi\u010dn\u00edmi:<\/span><\/p><p><span style=\"color: #000000;\">Akce pro ve\u0159ejnost-Halloween na gymplu, V\u00e1no\u010dn\u00ed kav\u00e1rna (p\u0159i V\u00e1no\u010dn\u00edch koncertech \u0161koly), V\u00e1no\u010dn\u00ed kni\u017en\u00ed bazar v OC Central, M\u00e1jov\u00fd koncert<\/span><\/p><p><span style=\"color: #000000;\">Akce \u0161koln\u00ed \u2013 Mazan\u00e9 Velikonoce, Valent\u00fdnsk\u00e9 mls\u00e1n\u00ed<\/span><\/p><p><span style=\"color: #000000;\">Jednor\u00e1zov\u00e9 akce:<\/span><\/p><p><span style=\"color: #000000;\">M\u00e1jov\u00fd b\u011bh okolo \u0161koly, baz\u00e1rek oble\u010den\u00ed, setk\u00e1v\u00e1n\u00ed se s partnery (spole\u010dn\u00e1 tvo\u0159en\u00ed v\u0161eho druhu, hudebn\u00ed a p\u011bveck\u00e1 produkce, dou\u010dky, z\u00e1bavn\u00e1 dopoledne\u2026)<\/span><\/p>\t\t\t\t\t\t<\/div>\n\t\t\t\t<\/div>\n\t\t\t\t<div class=\"elementor-element elementor-element-1bb460b elementor-widget elementor-widget-text-editor\" data-id=\"1bb460b\" data-element_type=\"widget\" data-widget_type=\"text-editor.default\">\n\t\t\t\t<div class=\"elementor-widget-container\">\n\t\t\t\t\t\t\t<p><span style=\"color: #000000;\">\u0160koln\u00ed projekt Aktivn\u00ed Kladno si ve \u0161koln\u00edm roce 2023\/2024 vybral jako sv\u00e9ho partnera Oblastn\u00ed nemocnici Kladno, konkr\u00e9tn\u011b jej\u00ed d\u011btsk\u00e9 odd\u011blen\u00ed. Stejn\u011b jako v p\u0159ede\u0161l\u00fdch letech se sna\u017e\u00ed rozv\u00edjet u student\u016f aktivn\u00ed ob\u010danstv\u00ed, klade d\u016fraz na podporu altruismu a nezi\u0161tn\u00e9 pomoci r\u016fznorod\u00fdm partner\u016fm.<\/span><\/p><p><span style=\"color: #000000;\">Leto\u0161n\u00ed spolupr\u00e1ce s kladenskou nemocnic\u00ed p\u0159inesla student\u016fm mnoho nov\u00fdch zku\u0161enost\u00ed, p\u0159edev\u0161\u00edm d\u00edky mo\u017enosti nav\u0161t\u00edvit samotn\u00e9 odd\u011blen\u00ed. Za doprovodn\u00e9ho v\u00fdkladu stani\u010dn\u00edch sester studenti absolvovali exkurzi v\u0161emi \u00faseky d\u011btsk\u00e9ho odd\u011blen\u00ed: d\u011btskou JIP, d\u011btsk\u00fdm standardem v\u010detn\u011b novorozeneck\u00e9ho a nedono\u0161eneck\u00e9ho \u00faseku. Vid\u011bli tak, jak cel\u00e9 odd\u011blen\u00ed funguje a kam budou darovan\u00e9 finan\u010dn\u00ed prost\u0159edky sm\u011brov\u00e1ny. V r\u00e1mci exkurze p\u0159inesli trochu z\u00e1bavy a hudebn\u00edho povzbuzen\u00ed tak\u00e9 pro hospitalizovan\u00e9 mal\u00e9 i trochu v\u011bt\u0161\u00ed kamar\u00e1dy, kter\u00fdm tak zpest\u0159ili pobyt v nemocnici.<\/span><\/p><p><span style=\"color: #000000;\">Finan\u010dn\u00ed prost\u0159edky se poda\u0159ilo student\u016fm z\u00edskat d\u00edky pravideln\u00fdm akc\u00edm jako Halloween, v\u00e1no\u010dn\u00ed kni\u017en\u00ed bazar v OC Central v adventn\u00edm \u010dase nebo skv\u011bl\u00e9 V\u00e1no\u010dn\u00ed kav\u00e1rn\u011b, kter\u00e1 dopl\u0148uje v\u00e1no\u010dn\u00ed koncerty \u0161koly. V jarn\u00edch m\u011bs\u00edc\u00edch se uskute\u010dnily t\u0159i charitativn\u00ed akce, z nich\u017e hned prvn\u00ed byla novinkou \u2013 studentsk\u00e1 peka\u0159sk\u00e1 sout\u011b\u017e Pe\u010de cel\u00fd gympl se setkala s velkou pozitivn\u00ed odezvou v \u0159ad\u00e1ch student\u016f nap\u0159\u00ed\u010d ro\u010dn\u00edky a vyslou\u017eila si i pozornost v region\u00e1ln\u00edm tisku. N\u00e1sledovaly tradi\u010dn\u00ed Mazan\u00e9 Velikonoce a jako vyvrcholen\u00ed cel\u00e9ho ro\u010dn\u00edho sna\u017een\u00ed skv\u011bl\u00fd M\u00e1jov\u00fd koncert. V pr\u016fb\u011bhu koncertu nav\u00edc prim\u00e1\u0159 d\u011btsk\u00e9ho odd\u011blen\u00ed MUDr. Mgr. Tom\u00e1\u0161 Ros\u00edk, Ph.D., MBA a vrchn\u00ed sestra Mgr. Lucia Vrabe\u013eov\u00e1 p\u0159evzali symbolick\u00fd \u0161ek s vybranou \u010d\u00e1stkou ve v\u00fd\u0161i 30 000,- K\u010d.<\/span><\/p><p><span style=\"color: #000000;\">Za tuto \u010d\u00e1stku d\u011btsk\u00e9 odd\u011blen\u00ed po\u0159\u00edd\u00ed pom\u016fckov\u00e9 vybaven\u00ed, nap\u0159\u00edklad modern\u00ed v\u00e1hu s v\u00fd\u0161kom\u011brem v\u010detn\u011b vyhodnocovac\u00edho softwaru, p\u0159ebalovac\u00ed pulty nebo dal\u0161\u00ed pot\u0159ebn\u00fd spot\u0159ebn\u00ed materi\u00e1l.<\/span><\/p><p><span style=\"color: #000000;\">Mimo\u0159\u00e1dnou pomoc t\u00fdm Aktivn\u00edho Kladna v \u010d\u00e1stce 2800,- K\u010d poskytl Nada\u010dn\u00edmu fondu Univerzity Karlovy po prosincov\u00e9 trag\u00e9die na Filosofick\u00e9 fakult\u011b UK.<\/span><\/p><p><span style=\"color: #000000;\">Ke konci \u0161koln\u00edho roku n\u00e1\u0161 t\u00fdm obnovil spolupr\u00e1ci se Speci\u00e1ln\u00ed \u0161kolou Slunce v Unho\u0161ti, pro jej\u00ed\u017e klienty p\u0159ipravil z\u00e1bavn\u00e9 aktivity u p\u0159\u00edle\u017eitosti Dne d\u011bt\u00ed.<\/span><\/p>\t\t\t\t\t\t<\/div>\n\t\t\t\t<\/div>\n\t\t\t\t<\/div>\n\t\t<div class=\"elementor-element elementor-element-5497445 e-con-full e-flex e-con e-child\" data-id=\"5497445\" data-element_type=\"container\">\n\t\t\t\t<div class=\"elementor-element elementor-element-448c378 elementor-widget elementor-widget-text-editor\" data-id=\"448c378\" data-element_type=\"widget\" data-widget_type=\"text-editor.default\">\n\t\t\t\t<div class=\"elementor-widget-container\">\n\t\t\t\t\t\t\t<table>\n<tbody>\n<tr>\n<td><strong>KDY<\/strong><\/td>\n<td><strong>KOMU<\/strong><\/td>\n<td><strong>KOLIK<\/strong><\/td>\n<td><strong>CO<\/strong><\/td>\n<\/tr>\n<tr>\n<td>2014\/15<\/td>\n<td>Senior\u016fm z&nbsp;kladensk&eacute; Font&aacute;ny<\/td>\n<td>18.000<\/td>\n<td>50 l&iacute;stk\u016f do Stavovsk&eacute;ho divadla v\u010detn\u011b dopravy<\/td>\n<\/tr>\n<tr>\n<td>2015\/16<\/td>\n<td>D\u011btsk&eacute;mu domovu v Unho&scaron;ti<\/td>\n<td>40.000<\/td>\n<td>Dlouhodob&eacute; krou\u017eky angli\u010dtiny pro d\u011bti<\/td>\n<\/tr>\n<tr>\n<td>2016\/17<\/td>\n<td>D\u011btsk&eacute;mu centru v Rozd\u011blov\u011b<\/td>\n<td>30.000<\/td>\n<td>Mimo&scaron;koln&iacute; a volno\u010dasov&eacute; aktivity d\u011bt&iacute;<\/td>\n<\/tr>\n<tr>\n<td>2017\/18<\/td>\n<td>Domovu senior\u016f Centrin Unho&scaron;\u0165 Dobrovolnick&eacute;mu centru Kladno<\/td>\n<td>15.500 15.500<\/td>\n<td>Volno\u010dasov&eacute; aktivity pro seniory a d\u011bti<\/td>\n<\/tr>\n<tr>\n<td>2018\/19<\/td>\n<td>Tom&aacute;&scaron;ovi<\/td>\n<td>59.000<\/td>\n<td>Spln\u011bn&iacute; 3 p\u0159&aacute;n&iacute; nemocn&eacute;ho \u017e&aacute;ka 4.t\u0159&iacute;dy &ndash; rehabilitace, &scaron;achy, &Scaron;pan\u011blsko<\/td>\n<\/tr>\n<tr>\n<td>2019\/20<\/td>\n<td>Autistick&aacute; t\u0159&iacute;da 6.R ze Speci&aacute;ln&iacute; &scaron;koly Kor&aacute;lek v Kladn\u011b<\/td>\n<td>37.000<\/td>\n<td>Mimo&scaron;koln&iacute; pobyt ve Sloupu v \u010cech&aacute;ch<\/td>\n<\/tr>\n<tr>\n<td>2020\/21<\/td>\n<td>Rodin\u011b z&nbsp;Azylov&eacute;ho domu v Kladn\u011b<\/td>\n<td>4.600 (kovid!)<\/td>\n<td>Palandy a v\u011bci do &scaron;koly pro 2 chlapce<\/td>\n<\/tr>\n<tr>\n<td>2021\/22<\/td>\n<td>Matce samo\u017eivitelce<\/td>\n<td>16.000<\/td>\n<td>Notebook (online v&yacute;uka!), &scaron;kola v&nbsp;p\u0159&iacute;rod\u011b pro dceru a tablet pro syna<\/td>\n<\/tr>\n<tr>\n<td>2022<\/td>\n<td>Ukrajin\u011b<\/td>\n<td>12.030<\/td>\n<td>P\u0159&iacute;sp\u011bvek na &uacute;\u010det sb&iacute;rky SOS Ukrajina (\u010clov\u011bk v&nbsp;t&iacute;sni)<\/td>\n<\/tr>\n<tr>\n<td>2022\/23<\/td>\n<td>Autistick&eacute; hern\u011b Modr&yacute; sv\u011bt v Kladn\u011b<\/td>\n<td>33.700<\/td>\n<td>Dovybaven&iacute; nov\u011b vznikl&eacute;ho prostoru<\/td>\n<\/tr>\n<\/tbody>\n<\/table>\t\t\t\t\t\t<\/div>\n\t\t\t\t<\/div>\n\t\t\t\t<\/div>\n\t\t\t\t\t<\/div>\n\t\t\t\t<\/div>\n\t\t<div class=\"elementor-element elementor-element-add6c80 e-flex e-con-boxed e-con e-parent\" data-id=\"add6c80\" data-element_type=\"container\">\n\t\t\t\t\t<div class=\"e-con-inner\">\n\t\t\t\t<div class=\"elementor-element elementor-element-c20636c elementor-widget elementor-widget-jet-listing-grid\" data-id=\"c20636c\" data-element_type=\"widget\" data-settings=\"{&quot;columns&quot;:3}\" data-widget_type=\"jet-listing-grid.default\">\n\t\t\t\t<div class=\"elementor-widget-container\">\n\t\t\t<div class=\"jet-listing-grid jet-listing\"><div class=\"jet-listing-not-found jet-listing-grid__items\" data-nav=\"{&quot;enabled&quot;:false,&quot;type&quot;:null,&quot;more_el&quot;:null,&quot;query&quot;:[],&quot;widget_settings&quot;:{&quot;lisitng_id&quot;:862,&quot;posts_num&quot;:20,&quot;columns&quot;:3,&quot;columns_tablet&quot;:3,&quot;columns_mobile&quot;:3,&quot;is_archive_template&quot;:&quot;&quot;,&quot;post_status&quot;:[&quot;publish&quot;],&quot;use_random_posts_num&quot;:&quot;&quot;,&quot;max_posts_num&quot;:9,&quot;not_found_message&quot;:&quot;No data was found&quot;,&quot;is_masonry&quot;:false,&quot;equal_columns_height&quot;:&quot;&quot;,&quot;use_load_more&quot;:&quot;&quot;,&quot;load_more_id&quot;:&quot;&quot;,&quot;load_more_type&quot;:&quot;click&quot;,&quot;load_more_offset&quot;:{&quot;unit&quot;:&quot;px&quot;,&quot;size&quot;:0,&quot;sizes&quot;:[]},&quot;use_custom_post_types&quot;:&quot;&quot;,&quot;custom_post_types&quot;:[],&quot;hide_widget_if&quot;:&quot;&quot;,&quot;carousel_enabled&quot;:&quot;&quot;,&quot;slides_to_scroll&quot;:&quot;1&quot;,&quot;arrows&quot;:&quot;true&quot;,&quot;arrow_icon&quot;:&quot;fa fa-angle-left&quot;,&quot;dots&quot;:&quot;&quot;,&quot;autoplay&quot;:&quot;true&quot;,&quot;pause_on_hover&quot;:&quot;true&quot;,&quot;autoplay_speed&quot;:5000,&quot;infinite&quot;:&quot;true&quot;,&quot;center_mode&quot;:&quot;&quot;,&quot;effect&quot;:&quot;slide&quot;,&quot;speed&quot;:500,&quot;inject_alternative_items&quot;:&quot;&quot;,&quot;injection_items&quot;:[],&quot;scroll_slider_enabled&quot;:&quot;&quot;,&quot;scroll_slider_on&quot;:[&quot;desktop&quot;,&quot;tablet&quot;,&quot;mobile&quot;],&quot;custom_query&quot;:false,&quot;custom_query_id&quot;:&quot;&quot;,&quot;_element_id&quot;:&quot;&quot;}}\" data-queried-id=\"2624|WP_Post\">No data was found<\/div><\/div>\t\t<\/div>\n\t\t\t\t<\/div>\n\t\t\t\t\t<\/div>\n\t\t\t\t<\/div>\n\t\t\t\t<\/div>\n\t\t","protected":false},"excerpt":{"rendered":"<p>Aktuality\u200b Aktivn\u00ed Kladno Aktivn\u00ed Kladno je dlouhodob\u00fd projekt student\u016f Gymn\u00e1zia Kladno, zam\u011b\u0159en\u00fd na aktivn\u00ed ob\u010danstv\u00ed Projekt Aktivn\u00ed Kladno vznikl v roce 2013 jako sou\u010d\u00e1st velk\u00e9ho republikov\u00e9ho t\u0159\u00edlet\u00e9ho projektu Aktivn\u00ed ob\u010dan\u00e9, kter\u00fd realizoval od roku 2012 British Council a \u010clov\u011bk v t\u00edsni. My\u0161lenka pom\u00e1hat n\u00e1s neopustila ani po jeho skon\u010den\u00ed a jako jedna z m\u00e1la tehdy [&hellip;]<\/p>\n","protected":false},"author":3,"featured_media":0,"parent":0,"menu_order":0,"comment_status":"closed","ping_status":"closed","template":"","meta":{"footnotes":""},"class_list":["post-2624","page","type-page","status-publish","hentry"],"_links":{"self":[{"href":"https:\/\/www.tovarnanaweby.cz\/gymnazium\/wp-json\/wp\/v2\/pages\/2624","targetHints":{"allow":["GET"]}}],"collection":[{"href":"https:\/\/www.tovarnanaweby.cz\/gymnazium\/wp-json\/wp\/v2\/pages"}],"about":[{"href":"https:\/\/www.tovarnanaweby.cz\/gymnazium\/wp-json\/wp\/v2\/types\/page"}],"author":[{"embeddable":true,"href":"https:\/\/www.tovarnanaweby.cz\/gymnazium\/wp-json\/wp\/v2\/users\/3"}],"replies":[{"embeddable":true,"href":"https:\/\/www.tovarnanaweby.cz\/gymnazium\/wp-json\/wp\/v2\/comments?post=2624"}],"version-history":[{"count":33,"href":"https:\/\/www.tovarnanaweby.cz\/gymnazium\/wp-json\/wp\/v2\/pages\/2624\/revisions"}],"predecessor-version":[{"id":3388,"href":"https:\/\/www.tovarnanaweby.cz\/gymnazium\/wp-json\/wp\/v2\/pages\/2624\/revisions\/3388"}],"wp:attachment":[{"href":"https:\/\/www.tovarnanaweby.cz\/gymnazium\/wp-json\/wp\/v2\/media?parent=2624"}],"curies":[{"name":"wp","href":"https:\/\/api.w.org\/{rel}","templated":true}]}}